{"id":699,"date":"2022-07-28T09:39:43","date_gmt":"2022-07-28T08:39:43","guid":{"rendered":"https:\/\/ravoko.cz\/?page_id=699"},"modified":"2024-08-05T15:57:51","modified_gmt":"2024-08-05T14:57:51","slug":"datenschutz-bestimmungen","status":"publish","type":"page","link":"https:\/\/ravoko.cz\/de\/datenschutz-bestimmungen\/","title":{"rendered":"Datenschutz-Bestimmungen"},"content":{"rendered":"\r\n<h4 class=\"has-text-align-center wp-block-heading\" style=\"text-align: left;\">I. GRUNDLEGENDEN BESTIMMUNGEN<\/h4>\r\n\r\n\r\n\r\n<ol class=\"wp-block-list\">\r\n<li>Der Zweck dieser Grunds\u00e4tze besteht darin, Ihnen zu erl\u00e4utern, was wir tun und warum wir dies tun, um die Vertraulichkeit und Sicherheit Ihrer personenbezogenen Daten zu gew\u00e4hrleisten.<\/li>\r\n<li>Daten sind alle Informationen \u00fcber eine identifizierte oder identifizierbare nat\u00fcrliche Person. Eine identifizierbare nat\u00fcrliche Person ist eine Person, die direkt oder indirekt identifiziert werden kann, insbesondere durch einen bestimmten Identifikator wie Namen, Identifikationsnummer, Standortdaten, Netzwerkidentifikator oder durch ein oder mehrere spezifische Elemente ihrer physischen, physiologischen, genetischen, psychischen, wirtschaftlichen, kulturellen oder sozialen Identit\u00e4t.<\/li>\r\n<li>Gem\u00e4\u00df Artikel 4 Absatz 7 der Verordnung (EU) 2016\/679 des Europ\u00e4ischen Parlaments und des Rates zum Schutz nat\u00fcrlicher Personen bei der Verarbeitung personenbezogener Daten und zum freien Datenverkehr (im Folgenden &#8222;DSGVO&#8220;) ist die Ravoko PB s.r.o., Registernummer: 0991994, mit Sitz in Hn\u011bvkovsk\u00e1 1293\/54, 148 00 Praha 4 &#8211; Chodov, eingetragen im Handelsregister des Stadtgerichts Prag, Abschnitt B, Einlage 25746 (im Folgenden &#8222;Verantwortlicher&#8220;) der Verantwortliche f\u00fcr die Verarbeitung personenbezogener Daten.\r\n<p>Kontaktdaten des Verantwortlichen: <br \/>Tom\u00e1\u0161 \u0160ilinger, <br \/>Tel.: +420 776 526 111, <br \/>E-Mail: t.silinger@ravoko.cz<\/p>\r\n<\/li>\r\n<li><span style=\"background-color: rgb(255 255 255 \/ var(--tw-bg-opacity)); color: rgb(4 21 28 \/ var(--tw-text-opacity));\">Der Verantwortliche ist berechtigt, einen Auftragsverarbeiter mit der Verarbeitung personenbezogener Daten zu beauftragen. Ein Auftragsverarbeiter ist eine Stelle, die personenbezogene Daten aufgrund eines besonderen Gesetzes oder einer Beauftragung oder Erm\u00e4chtigung des Verantwortlichen verarbeitet. In diesem Fall wird der gleiche Datenschutz f\u00fcr Ihre Daten sowohl vertraglich als auch durch Vorschriften gew\u00e4hrleistet, wie dies vom Verantwortlichen erfolgt. Der Auftragsverarbeiter, den der Verantwortliche zur Verarbeitung personenbezogener Daten nutzt, ist die Blackfish &amp; Co. s.r.o., Registernummer: 06526411, mit Sitz in Vinohradsk\u00e1 1367\/24, Vinohrady, 120 00 Praha 2, eingetragen im Handelsregister des Stadtgerichts Prag, Abschnitt C, Einlage 283664. Neben dem genannten Auftragsverarbeiter \u00fcbermitteln wir Ihre personenbezogenen Daten auch an andere von uns beauftragte Stellen, insbesondere IT-Dienstleister (Verwaltung, Entwicklung und Unterst\u00fctzung von Informationssystemen), Postdienste und Kurierdienste, Stellen, die Rechtsdienstleistungen unter Beachtung der gesetzlichen Vorschriften erbringen, Stellen, die Dienste zur elektronischen Kommunikation mit dem Verantwortlichen bereitstellen, sowie Stellen, die Dienste zur Versendung von Marketingmaterialien erm\u00f6glichen, sowie anderen Institutionen oder Stellen<\/span>, insbesondere zust\u00e4ndigen Beh\u00f6rden der staatlichen Verwaltung, Gerichten, Strafverfolgungsbeh\u00f6rden oder dem Amt f\u00fcr den Schutz personenbezogener Daten.<\/li>\r\n<li>Der Verantwortliche beabsichtigt, personenbezogene Daten an ein Drittland (ein Land au\u00dferhalb der EU) oder an internationale Organisationen zu \u00fcbermitteln. Die Empf\u00e4nger personenbezogener Daten in Drittl\u00e4ndern sind Anbieter von Mailing-, Cloud- oder Werbediensten. Wenn der Verantwortliche personenbezogene Daten au\u00dferhalb der EU an Drittl\u00e4nder oder internationale Organisationen \u00fcbermittelt, wird deren Schutz gem\u00e4\u00df den Standardvertragsklauseln gew\u00e4hrleistet, die im Einklang mit dem in der DSGVO festgelegten Mechanismus angenommen wurden, oder auf der Grundlage eines Beschlusses der Kommission \u00fcber ein angemessenes Schutzniveau f\u00fcr personenbezogene Daten.<\/li>\r\n<li>Der Verantwortliche hat einen Datenschutzbeauftragten ernannt, der Herr Tom\u00e1\u0161 \u0160ilinger ist, geboren am 22.05.1988, wohnhaft in Kl\u00e1\u0161tern\u00ed n\u00e1m. 125, Moravsk\u00fd Krumlov 67201 (im Folgenden &#8222;Datenschutzbeauftragter&#8220;).<\/li>\r\n<li><span style=\"background-color: rgb(255 255 255 \/ var(--tw-bg-opacity)); color: rgb(4 21 28 \/ var(--tw-text-opacity));\">Kontaktdaten des Datenschutzbeauftragten: <br \/><\/span>t.silinger@ravoko.cz<span style=\"background-color: rgb(255 255 255 \/ var(--tw-bg-opacity)); color: rgb(4 21 28 \/ var(--tw-text-opacity));\"> <br \/>Kl\u00e1\u0161tern\u00ed n\u00e1m. 125, <br \/>Moravsk\u00fd Krumlov 67201<br \/><br \/><\/span>\r\n<div class=\"flex p-4 gap-4 text-base md:gap-6 md:max-w-2xl lg:max-w-xl xl:max-w-3xl md:py-6 lg:px-0 m-auto\">\r\n<div class=\"relative flex w-[calc(100%-50px)] flex-col gap-1 md:gap-3 lg:w-[calc(100%-115px)]\">\u00a0<\/div>\r\n<\/div>\r\n<\/li>\r\n<\/ol>\r\n\r\n\r\n\r\n<h4 class=\"has-text-align-center wp-block-heading\" style=\"text-align: left;\">II. . WELCHE PERSONENBEZOGENEN DATEN WIR VERARBEITEN, RECHTSGRUNDLAGEN F\u00dcR DIE VERARBEITUNG PERSONENBEZOGENER DATEN UND ZWECK DER NUTZUNG PERSONENBEZOGENER DATEN<\/h4>\r\n\r\n\r\n\r\n<ol class=\"wp-block-list\" style=\"text-align: left;\">\r\n<li style=\"font-weight: 400;\" aria-level=\"1\">Es handelt sich insbesondere um Identifikationsdaten (insbesondere Vorname, Nachname, Geburtsnummer, Geburtsdatum, Geburtsort, st\u00e4ndiger oder anderer Wohnsitz und falls Sie ein Unternehmen betreiben, auch die Unternehmens- oder Steuernummer) und Kontaktdaten (E-Mail-Adresse, Mobiltelefonnummer, Bankkonto, Kontaktadresse), Informationen \u00fcber Ihre finanzielle Situation im Rahmen der Eignungspr\u00fcfung f\u00fcr Dienstleistungen, Transaktionshistorie (Angaben zu Einzahlungen, Auszahlungen, investierten Betr\u00e4gen, erhaltenen Ertr\u00e4gen, berechneten Geb\u00fchren), Daten, die zur Erf\u00fcllung der Verpflichtung zur Identit\u00e4tspr\u00fcfung und -kontrolle gem\u00e4\u00df Gesetz Nr. 253\/2008 Slg. erforderlich sind Ma\u00dfnahmen zur Bek\u00e4mpfung der Geldw\u00e4sche und der Terrorismusfinanzierung (z. B. Kopie des Personalausweises, Foto, Informationen zur Einkommensquelle, Gesch\u00e4ftszweck, politischer Exposition, Geburtsort).<\/li>\r\n<li>Wir d\u00fcrfen Ihre personenbezogenen Daten nur verarbeiten, wenn daf\u00fcr eine entsprechende gesetzliche Grundlage besteht oder mindestens eine der folgenden Bedingungen erf\u00fcllt ist: <span style=\"background-color: rgb(255 255 255 \/ var(--tw-bg-opacity)); color: rgb(4 21 28 \/ var(--tw-text-opacity));\">Die Verarbeitung ist zur Erf\u00fcllung der gesetzlichen Verpflichtungen des Verantwortlichen erforderlich, insbesondere zur Zusammenarbeit mit Beh\u00f6rden, Datenschutzregistrierung, Steuern und Buchhaltung, Archivierung und Registratur.<\/span>\r\n<ol>\r\n<li>Die Verarbeitung ist zur Erf\u00fcllung des Vertrags zwischen Ihnen und dem Verantwortlichen erforderlich.<\/li>\r\n<li>Die Verarbeitung ist zur Wahrung berechtigter Interessen erforderlich, insbesondere f\u00fcr den internen Betrieb des Unternehmens und Berichterstattung, Rechtsverteidigung, Direktmarketing.<\/li>\r\n<li>Die Verarbeitung erfolgt aufgrund Ihrer erteilten Einwilligung, insbesondere f\u00fcr personalisierte Angebote von Produkten und Dienstleistungen, Marketingverarbeitung Ihrer Daten, Umfragen und Benutzertests, um unser Angebot an Ihre Bed\u00fcrfnisse anzupassen und unsere Dienstleistungen zu verbessern.<\/li>\r\n<\/ol>\r\n<\/li>\r\n<\/ol>\r\n\r\n\r\n\r\n<h4 class=\"wp-block-heading\">\u00a0<\/h4>\r\n<h4 class=\"has-text-align-center\" style=\"text-align: left;\">III. DATENSPEICHERUNGSDAUER<\/h4>\r\n\r\n\r\n\r\n<ol class=\"wp-block-list\" id=\"block-bb21ad2c-eb28-4a97-8a27-bfc7cf3a237c\" style=\"text-align: left;\">\r\n<li>Wir speichern Ihre personenbezogenen Daten f\u00fcr den notwendigen Zeitraum, der sich aus den gesetzlichen Grundlagen und Zwecken ihrer Verarbeitung ergibt.<\/li>\r\n<li>Sofern in den vorherigen Punkten nichts anderes angegeben ist, speichert der Verantwortliche die personenbezogenen Daten:\r\n<ol id=\"block-bb21ad2c-eb28-4a97-8a27-bfc7cf3a237c\" style=\"text-align: left;\">\r\n<li>F\u00fcr die in den einschl\u00e4gigen gesetzlichen Bestimmungen festgelegten Fristen, sofern es sich um die Erf\u00fcllung einer gesetzlichen Verpflichtung handelt.<\/li>\r\n<li>F\u00fcr den Zeitraum, der erforderlich ist, um die Rechte und Pflichten aus dem entsprechenden Vertrag auszu\u00fcben, sofern die Verarbeitung zur Vertragserf\u00fcllung erforderlich ist.<\/li>\r\n<li>F\u00fcr die G\u00fcltigkeitsdauer bzw. bis zur Widerrufung Ihrer Einwilligung, sofern die Verarbeitung aufgrund Ihrer erteilten Einwilligung erfolgt.<\/li>\r\n<\/ol>\r\n<\/li>\r\n<li><span style=\"background-color: rgb(255 255 255 \/ var(--tw-bg-opacity)); color: rgb(4 21 28 \/ var(--tw-text-opacity));\">Nach Ablauf der Aufbewahrungsfrist f\u00fcr personenbezogene Daten wird der Verantwortliche die Daten l\u00f6schen.<br \/><br \/><\/span><\/li>\r\n<\/ol>\r\n\r\n\r\n\r\n<h4 class=\"has-text-align-center wp-block-heading\" style=\"text-align: left;\">IV. <strong>Cookies<\/strong><\/h4>\r\n\r\n\r\n\r\n<ol class=\"wp-block-list\" id=\"block-e8a4675f-12a0-472b-97f7-963c02fc567c\" style=\"text-align: left;\">\r\n<li>Im Folgenden erfahren Sie, welche Cookies auf den Websites verarbeitet werden, zu welchem Zweck und wie Sie beeinflussen k\u00f6nnen, welche Cookies in Ihrem Ger\u00e4t gespeichert werden.<\/li>\r\n<li>Als Cookies bezeichnen wir kleine Datendateien, die in einigen F\u00e4llen f\u00fcr bestimmte Funktionen der Websites erforderlich sind und in Ihrem Ger\u00e4t gespeichert werden. Bei jedem weiteren Besuch werden die Informationen von ihnen an unseren Server gesendet und wir erhalten Daten, mit denen wir weiterarbeiten.<\/li>\r\n<li>Auf unserer Website verwenden wir folgende Cookies:\r\n<ol>\r\n<li>Technische Cookies: Diese Cookies sind f\u00fcr das ordnungsgem\u00e4\u00dfe Funktionieren der Websites erforderlich und k\u00f6nnen nicht deaktiviert werden. Wenn Sie diese Cookies deaktivieren, funktionieren die Websites m\u00f6glicherweise nicht richtig.<\/li>\r\n<li>Pr\u00e4ferenz-Cookies: Diese Cookies erleichtern das Browsen auf den Websites und dienen dazu, den Inhalt entsprechend Ihren bevorzugten Einstellungen anzuzeigen.<\/li>\r\n<li>Analyse-Cookies: Diese Cookies erm\u00f6glichen es uns, zusammenfassende Informationen \u00fcber die Besucherzahl der Websites und die Nutzung verschiedener Funktionen zu verfolgen und somit die Websites zu verbessern. F\u00fcr die Verarbeitung dieser Cookies nutzen wir die Dienste von Google Analytics und Meta.<\/li>\r\n<li>Marketing-Cookies: Diese Cookies und die uns zur Verf\u00fcgung gestellten Daten erm\u00f6glichen es uns, unsere Website mit sozialen und Werbenetzwerken von Drittanbietern zu verbinden. F\u00fcr die Verarbeitung dieser Cookies nutzen wir die Dienste von Meta (Facebook und Instagram), Seznam und Google.<\/li>\r\n<\/ol>\r\n<\/li>\r\n<li>Jeder Benutzer kann die Regeln f\u00fcr die Verwendung oder Blockierung von Cookies in seinem Internetbrowser festlegen, um seine Einwilligung zur Verarbeitung auszudr\u00fccken.<\/li>\r\n<li><span style=\"background-color: rgb(255 255 255 \/ var(--tw-bg-opacity)); color: rgb(4 21 28 \/ var(--tw-text-opacity));\">Alle bereits in Ihrem Computer gespeicherten Cookies k\u00f6nnen jederzeit gel\u00f6scht werden. Die meisten Browser erm\u00f6glichen es auch, das Platzieren von Cookies in Ihren Ger\u00e4ten zu blockieren. In diesem Fall k\u00f6nnen jedoch nicht alle Online-Dienste genutzt werden, die von den Websites angeboten werden. Detaillierte Informationen zur Einstellung der Cookie-Speicherung in Ihrem Browser finden Sie auf den Websites des jeweiligen Browser-Anbieters.<\/span>\r\n<div class=\"flex p-4 gap-4 text-base md:gap-6 md:max-w-2xl lg:max-w-xl xl:max-w-3xl md:py-6 lg:px-0 m-auto\">\r\n<div class=\"relative flex w-[calc(100%-50px)] flex-col gap-1 md:gap-3 lg:w-[calc(100%-115px)]\">\r\n<div class=\"flex flex-grow flex-col gap-3\">\r\n<div class=\"min-h-[20px] flex flex-col items-start gap-4 whitespace-pre-wrap break-words\">\r\n<div class=\"markdown prose w-full break-words dark:prose-invert light\">\u00a0<\/div>\r\n<\/div>\r\n<\/div>\r\n<\/div>\r\n<\/div>\r\n<\/li>\r\n<\/ol>\r\n\r\n<h4 class=\"has-text-align-center wp-block-heading\" style=\"text-align: left;\">V. IHRE RECHTE IM ZUSAMMENHANG MIT DER VERARBEITUNG PERSONENBEZOGENER DATEN:<\/h4>\r\n\r\n\r\n\r\n<ol class=\"wp-block-list\" id=\"block-0bdbc145-d9ad-451f-9cda-05be88d46e80\" style=\"text-align: left;\">\r\n<li>Bei der Verarbeitung Ihrer personenbezogenen Daten haben Sie folgende Rechte:\r\n<ol>\r\n<li style=\"list-style-type: none;\">\r\n<ol>\r\n<li>Recht auf Zugang zu personenbezogenen Daten: Sie haben das Recht, eine Auskunft \u00fcber die personenbezogenen Daten zu verlangen, die der Datenverantwortliche \u00fcber Sie gespeichert hat.<\/li>\r\n<li>Recht auf Berichtigung personenbezogener Daten: Sie haben das Recht, die Berichtigung ungenauer oder unvollst\u00e4ndiger personenbezogener Daten zu verlangen.<\/li>\r\n<li>Recht auf L\u00f6schung personenbezogener Daten: Sie haben das Recht, unter bestimmten gesetzlich festgelegten Gr\u00fcnden die unverz\u00fcgliche L\u00f6schung Ihrer personenbezogenen Daten durch den Datenverantwortlichen zu verlangen.<\/li>\r\n<li>Recht auf Einschr\u00e4nkung der Verarbeitung: Sie haben das Recht, unter bestimmten Umst\u00e4nden die Einschr\u00e4nkung der Verarbeitung Ihrer personenbezogenen Daten zu verlangen, insbesondere wenn Sie die Richtigkeit der personenbezogenen Daten bestreiten, die Verarbeitung unrechtm\u00e4\u00dfig ist oder Sie Widerspruch gegen die Verarbeitung eingelegt haben.<\/li>\r\n<li>Recht auf Benachrichtigung \u00fcber Berichtigung, L\u00f6schung oder Einschr\u00e4nkung der Verarbeitung: Sie haben das Recht, vom Datenverantwortlichen \u00fcber die Berichtigung, L\u00f6schung oder Einschr\u00e4nkung der Verarbeitung Ihrer personenbezogenen Daten informiert zu werden.<\/li>\r\n<li>Recht auf Daten\u00fcbertragbarkeit: Sie haben das Recht, Ihre personenbezogenen Daten, die Sie dem Datenverantwortlichen bereitgestellt haben, in einem strukturierten, g\u00e4ngigen und maschinenlesbaren Format zu erhalten und diese Daten einem anderen Verantwortlichen zu \u00fcbermitteln, sofern dies technisch m\u00f6glich ist.<\/li>\r\n<li>Recht auf Widerspruch gegen die Verarbeitung personenbezogener Daten: Sie haben das Recht, aus Gr\u00fcnden, die sich aus Ihrer besonderen Situation ergeben, jederzeit gegen die Verarbeitung Ihrer personenbezogenen Daten Widerspruch einzulegen, wenn die Verarbeitung aufgrund eines berechtigten Interesses des Datenverantwortlichen erfolgt. Erfolgt kein Nachweis eines \u00fcberwiegenden berechtigten Interesses des Datenverantwortlichen, das Ihre Interessen oder Rechte \u00fcberwiegt, wird die Verarbeitung ohne unn\u00f6tige Verz\u00f6gerung beendet.<\/li>\r\n<li>Recht auf Widerruf der Einwilligung zur Verarbeitung personenbezogener Daten: Sie haben das Recht, Ihre Einwilligung zur Verarbeitung personenbezogener Daten f\u00fcr kommerzielle Zwecke jederzeit zu widerrufen.<\/li>\r\n<li>Recht auf Beschwerde bei der Aufsichtsbeh\u00f6rde: Sie haben das Recht, eine Beschwerde bei der Datenschutzbeh\u00f6rde (www.uoou.cz) einzureichen, wenn Sie der Ansicht sind, dass Ihre Rechte auf Schutz personenbezogener Daten verletzt wurden.<\/li>\r\n<\/ol>\r\n<\/li>\r\n<\/ol>\r\n<\/li>\r\n<\/ol>\r\n\r\n\r\n\r\n<h4 class=\"has-text-align-center wp-block-heading\" style=\"text-align: left;\">VI. BEDINGUNGEN F\u00dcR DEN DATENSCHUTZ<\/h4>\r\n\r\n\r\n\r\n<ol class=\"wp-block-list\">\r\n<li style=\"text-align: left;\">Der Verantwortliche erkl\u00e4rt, dass er angemessene technische und organisatorische Ma\u00dfnahmen zum Schutz personenbezogener Daten ergriffen hat.<\/li>\r\n<li style=\"text-align: left;\">Der Verantwortliche erkl\u00e4rt, dass nur befugte Personen Zugriff auf personenbezogene Daten haben.<\/li>\r\n<\/ol>\r\n\r\n\r\n\r\n<h4 class=\"has-text-align-center wp-block-heading\" style=\"text-align: left;\">VII. RECHTSVORSCHRIFTEN<\/h4>\r\n\r\n\r\n\r\n<ol class=\"wp-block-list\">\r\n<li>Bei der Verarbeitung Ihrer personenbezogenen Daten halten wir uns an geltende Rechtsvorschriften, insbesondere:\r\n<ol>\r\n<li>Verordnung (EU) 2016\/679, die allgemeine Datenschutzgrundverordnung (DSGVO)<\/li>\r\n<li>Gesetz Nr. 110\/2019, das Datenschutzgesetz<\/li>\r\n<li>Gesetz Nr. 89\/2012, das B\u00fcrgerliche Gesetzbuch<\/li>\r\n<li>Gesetz Nr. 253\/2008, \u00fcber bestimmte Ma\u00dfnahmen zur Bek\u00e4mpfung der Geldw\u00e4sche und der Finanzierung des Terrorismus<\/li>\r\n<\/ol>\r\n<\/li>\r\n<\/ol>\r\n","protected":false},"excerpt":{"rendered":"<p>I. GRUNDLEGENDEN BESTIMMUNGEN Der Zweck dieser Grunds\u00e4tze besteht darin, Ihnen zu erl\u00e4utern, was wir tun und warum wir dies tun, um die Vertraulichkeit und Sicherheit Ihrer personenbezogenen Daten zu gew\u00e4hrleisten. Daten sind alle Informationen \u00fcber eine identifizierte oder identifizierbare nat\u00fcrliche Person. Eine identifizierbare nat\u00fcrliche Person ist eine Person, die direkt oder indirekt identifiziert werden kann, [&hellip;]<\/p>\n","protected":false},"author":3,"featured_media":0,"parent":0,"menu_order":0,"comment_status":"closed","ping_status":"closed","template":"template-content.php","meta":{"inline_featured_image":false,"footnotes":""},"class_list":["post-699","page","type-page","status-publish","hentry"],"_links":{"self":[{"href":"https:\/\/ravoko.cz\/de\/wp-json\/wp\/v2\/pages\/699","targetHints":{"allow":["GET"]}}],"collection":[{"href":"https:\/\/ravoko.cz\/de\/wp-json\/wp\/v2\/pages"}],"about":[{"href":"https:\/\/ravoko.cz\/de\/wp-json\/wp\/v2\/types\/page"}],"author":[{"embeddable":true,"href":"https:\/\/ravoko.cz\/de\/wp-json\/wp\/v2\/users\/3"}],"replies":[{"embeddable":true,"href":"https:\/\/ravoko.cz\/de\/wp-json\/wp\/v2\/comments?post=699"}],"version-history":[{"count":12,"href":"https:\/\/ravoko.cz\/de\/wp-json\/wp\/v2\/pages\/699\/revisions"}],"predecessor-version":[{"id":815,"href":"https:\/\/ravoko.cz\/de\/wp-json\/wp\/v2\/pages\/699\/revisions\/815"}],"wp:attachment":[{"href":"https:\/\/ravoko.cz\/de\/wp-json\/wp\/v2\/media?parent=699"}],"curies":[{"name":"wp","href":"https:\/\/api.w.org\/{rel}","templated":true}]}}